{"id":496,"date":"2015-04-28T09:19:27","date_gmt":"2015-04-28T09:19:27","guid":{"rendered":"http:\/\/gsacra.uni-goettingen.de\/?page_id=496"},"modified":"2015-07-15T10:19:38","modified_gmt":"2015-07-15T10:19:38","slug":"stephan-bodecker-1421-1459","status":"publish","type":"page","link":"https:\/\/gsacra.uni-goettingen.de\/?page_id=496","title":{"rendered":"Stephan Bodecker. 1421\u20131459"},"content":{"rendered":"<ul>\n<li>Heydler, Rich., Materialien zur Geschichte des Bischofs Stephan von Brandenburg (Progr. d. Ritterakademie zu Brandenburg [Brandenburg 1866), dazu Winter in Gesch. Bl. f. St. u. 1. Magd. 1 [1866] 4, 36).<\/li>\n<li>Schwarze, Stephan Bodeker, Bischof von Brandenburg, in Allg. deutsch. Biogr. XXXVI (1893) 71.<\/li>\n<li>Priebatsch in seinem Aufsatz: Geistiges Leben in der Mark Brandenburg am Ende des Mittelalters (Forsch. z. br. u. pr. Gesch. XII [1899] 380f.).<\/li>\n<li>Sch\u00f6nfelder, A., Stephan Bodeker, Bischof von Brandenburg ( Hist. Jb. d. G\u00f6rresges. XXIII [1902) 559-577).<\/li>\n<li>Rose, Val., Besprechung der Werke des Bischofs Stephan im Katalog der lat. Hss. der St. Bibl. Berlin II 1 (1901) Nr. 551-559.<\/li>\n<li>Riedel, E., Bericht \u00fcber die neuesten Ver\u00f6ffentlichungen \u00fcber Stephan Bodeker (34.\/35, Jbr. \u00fc. d. Hist. Ver. z. Brand. [1904] 116-118).<\/li>\n<\/ul>\n<p>Zuvor Domherr, Generalvikar und Dompropst s. S. 60, 117; von Martin V. zum Bischof providiert 1421 Sept. 1 (A VIII 394 Nr. 430), geweiht 1422 (MGH. SS. XIV 461) vor M\u00e4rz 1 (an diesem Tage zahlt er der apostolischen Kammer 116 fl. 13 sol. communia et minuta servitia (Repert. Germ. Sol. Vat. 62 f. 102). Als kurf\u00fcrstlicher Rat nimmt er an vielen Staatshandlungen teil (A VIII 84); dem Baseler Konzil gegen\u00fcber nimmt er eine schwankende Haltung ein, da er Anh\u00e4nger der Konzilstheorie; auf der Magdeburger Provinzialsynode 1451 vom p\u00e4pstlichen Legaten Nikolaus von Cues ausge\u00adzeichnet (s. Goovaerts Ecrivains, artistes et savants de l\u2018Ordre de Pre\u00ad montre (Bruxelles 1899] 66). F\u00fcr die beabsichtigte Gr\u00fcndung der Universit\u00e4t Greifswald ist Stephan von Calixt III. zu einem Gutachten auf\u00adgefordert worden ( Kosegarten, Gesch. d. Univ. Greifswald II 4 Nr. 2; Hoogeweg, Stifter u. Kl\u00f6ster d. Prov. Pommern II 31); f\u00fcr das erste Semester 1456 sind auf Veranlassung des Bischofs in die Matrikel eingetragen: Offizial, Kapl\u00e4ne, Kanzlei- und Hofbeamte Stephans (Publ. a. d. preu\u00df. St. A. LII 3).<\/p>\n<p>Im Gegensatz zu seinem Vorg\u00e4nger hat St. sich zeitlebens eifrig um die innere Verwaltung seiner Di\u00f6zese gek\u00fcmmert, 1427 visitierte er das Nonnenkloster Pl\u00f6tzky (Sch\u00f6nfelder a. a. O. 565), 1440 und 1443 das Kloster Lehnin (Sello, Lehnin, Beitr. zur Gesch. von Kloster und Amt [Berlin 1881] 159). \u00dcber seine Untersuchung gegen die Irrlehrer im Jahre 1458 vgl. Wattenbach, \u00dcber Ketzergerichte in Pommern und der Mark Branden\u00adburg, Sitz.-Ber. d. Berl. Akademie 1886.<\/p>\n<p>Die von Stephan erlassenen Synodalstatuten von 1431, 1435, 1436, \u00b71437, 1440 und 1444 befinden sich gedruckt in der Leipziger Ausgabe von 1489, angeh\u00e4ngt an das Breviarium diocesis Brand. Joachims von Bredow, 1m M\u00e4rk. Provinzialmuseum in Berlin. Die Kapitel\u00fcberschriften geben Sch\u00f6n felder a. a. O. 564-565 und Curschmann, Di\u00f6z. Brand. 291, s. bes. Heydler a. a. O. 36 ff. Eine Feiertagsordnung Stephans ist enthalten in einem verschollenen Kodex der Kapitelsbibliothek (Sprengels Verzeichnis s. S. 88).<\/p>\n<p>Am bedeutendsten ist Stephan als Gelehrter gewesen. Seine nachfolgend verzeichneten Werke entsprangen z. T. praktischen Bed\u00fcrfnissen. Aus seinen Arbeiten spricht eine vom heiligen Eifer f\u00fcr die Religion erf\u00fcllte Pers\u00f6nlichkeit.<\/p>\n<p>Wissenschaftliche Werke Stephans.<\/p>\n<ol>\n<li>Notularius sive breviarius divinorum, herausgegeben 1422 als ordinarius ecclesiae Brandenburgensis (vgl. Tractatus de horis ca\u00ad nonicis cap. VIII), eine Anweisung zur Abhaltung des Gottesdienstes, 1488 von Bischof Joachim von Bredow mit Zus\u00e4tzen in Druck gegeben.<\/li>\n<li>Expositio super sequentiam \u201eQuam dilecta\u201c, von Sch\u00f6nfelder identifiziert mit cod. Berolin. theol. lat. qu. 61, Rose, Lat. Hss. II 1 Nr. 422, 5, beendet 1427 Sept. 24.<\/li>\n<li>Commentarius in orationem dominicam, lag 1431 fertig vor; cod. Berolin. theol. fol. 117, Rose, Lat. Hss. II 1 Nr. 552 ist eine sp\u00e4tere Redaktion des Commentarius, der zwar ein Inhalts\u00ad verzeichnis des ganzen Werks, aber nur den Kommentar der beiden ersten Bitten enth\u00e4lt.<\/li>\n<li>Sertum beatae Mariae (Tractatus de salutatione angelica), verfa\u00dft vor 1432, \u00fcberliefert in 5 Abschriften: codd. Berlin. theol. lat. fol. 182 von 1433, 537 von 1448, 186 von 1451, 310 o. J. (Rose, Lat. Hss. II 1 Nr. 556, 554, 553, 555), cod. Wratislav. I fol. 268 (f. 5-133) von 1463.<\/li>\n<li>Tractatus de symbolo a postolorum, begonnen 1432, Abschrift vom Jahre 1463 in cod. Wratislav. I fol. 268 (f. 134-205).<\/li>\n<li>De decem praeceptis, begonnen wahrscheinlich 1445, vollendet 1449; \u00fcberliefert in cod. Berolin. theol. lat. fol. 118, Rose, Lat. Hss. II 1 Nr. 558.<\/li>\n<li>De horis canonicis, nach 1449, Univ.Bibl.G\u00f6ttingen, eod. L\u00fcneborg. oct. 87 f. 8-137; abgedruckt von Sch\u00f6nfelder in Sammlung mittelalterlicher Abhandlungen \u00fcber das Breviergebet II (Breslau 1902).<\/li>\n<li>Contra Judaeos, infolge Tod des Bischofs unvollendet geblieben; \u00fcberlief ert im cod. Berolin. theol. fol. 118, Rose, Lat. Hss. II 1 Nr. 558.<\/li>\n<\/ol>\n<p>Im privaten Besitz des Bischofs sind au\u00dfer den vorstehend unter den Nummern bei Rose 552, 553, 558 genannten nachweislich noch die folgenden Handschriften gewesen:<\/p>\n<ol>\n<li>Raimundus Lullu s, Liber de gentili et tribus sapientibus, cod. Berolin. lat. fol. 187 (Rose, Lat. Hss. II 1 Nr. 465),<\/li>\n<li>Stephanus Bodeker, Collatio reformatoria ad moniales in Plotzk (Pl\u00f6tzky), tractatus de oratione dominica, cod. Berolin. theol. fol. 294 (Rose a. a. O. Nr. 551),<\/li>\n<li>Gegen die Juden, Aus dem Talmud, \u00dcber den hebr\u00e4ischen BibeltexL cod. Berolin. theol. fol. 306 (Rose a. a. O. Nr. 559),<\/li>\n<li>De symbolo, cod. Berolin. theol. fol. 81 (Rose a. a. O. Nr. 557),<\/li>\n<li>Ex conciliis Constantiensi et Basiliensi, cod. Berolin. theol. fol. 313 (Rose a. a. O. II 2 Nr. 636),<\/li>\n<li>Hebr\u00e4ische Prachtbibel, 1437 f\u00fcr 33 Gulden gekauft, cod. Berolin _ or. fol. 5-7,<\/li>\n<li>Hebr\u00e4isches W\u00f6rterbuch von Menachem ben Saruck, 1436 von einem deutschen Schreiber geschrieben, mit lateinischen Randnoten Stephans, cod. Berolin. or. fol. 120,<\/li>\n<li>Teilband der hebr\u00e4ischen Bibel, cod. Berolin. or. fol. 123 (Besitzstand des Bischofs aus der Handsehlift selbst nicht ersichtlich, doch ist die Art der Rubrizierung und der Beschreibung der Kolumnentitel der in cod. or. fol. 5-7 gleich. Zu den Nr. 6-8 genannten Handschrif ten vgl. auch Steinschneider, Verz. d. Hehr. Handschriften der Kgl. Bibliothek zu Berlin 1).<\/li>\n<\/ol>\n<p>\u2020 1459 Febr. 15 (Grabstein im_ Dom, Abb. in Kunstdenkm. II 3 Taf. 62). Kurf\u00fcrst Friedrich beklagte den Tod seines getreuen Rates \u201edas uns dann getrewlich leyt ist und hetten in ye gern lenger gehabt und im seins lebens gegonnet, hett in got wollen fristen, wann er uns in allen sachen gar getrew gewest ist\u201c (A VIII 417 Nr. 462). Ein Portr\u00e4t des Bischofs in der Initiale zum Pater noster (Rose, Lat. Hss. II 1 Nr. 552, cod. theol. fol. 117. Vignoles (G. St. A. Pr. Br. Rep. 16 III b 5 c) erw\u00e4hnt ein Portr\u00e4t Stephans, das sich \u201edans la chapelle, qui est au midi du chocur\u201c, befand. Das gleiche Bild nennt die Potsdamische Quintessenz n. LXXIII; die daran be\u00ad findliche Inschrift ist gedruckt bei Lentz, Dipl. Stif ti&gt;hist. 52. Das Portr\u00e4t selbst ist verschollen.<\/p>\n<p>Siegel: rund, rotes Wachs, im Siegelfelde die Stiftsheiligen unter gotischem Geb\u00e4lk, unter dem rechten Heiligen das Stiftswappen, unter dem linken der Bischof im Profil knieend. Umschrift in gotischer:Minuskel: \u00b7 S-Stephani: epi-ecclie: brandburg\u2018 (Abb. in Kunstdenkm. II 3 Taf. VI Nr. 4).<\/p>\n<hr \/>\n<p>In: <a href=\"http:\/\/personendatenbank.germania-sacra.de\/books\/findpage\/AFI,1929\/46\">Abb, Gustav \/Wentz, Gottfried, Das Bistum Brandenburg 1 (Germania Sacra A. F. Abt. 1), Berlin 1929, S. 46-49<\/a>.<\/p>\n<p>Detailinformationen im Digitalen Personenregister der Germania Sacra: <span style=\"color: #333333;\">\u201eStephan Bodecker\u201c (<a style=\"color: #333333;\" href=\"http:\/\/personendatenbank.germania-sacra.de\/index\/gsn\/002-00381-001\">GSN: 002-00381-001<\/a>), in: Germania Sacra, <a href=\"http:\/\/personendatenbank.germania-sacra.de\/index\/gsn\/002-00381-001\" target=\"_blank\">http:\/\/personendatenbank.germania-sacra.de\/index\/gsn\/002-00381-001<\/a> (Abgerufen: 28.04.2015).<br \/>\n<\/span><\/p>\n<p><img decoding=\"async\" class=\" aligncenter\" src=\"http:\/\/upload.wikimedia.org\/wikipedia\/commons\/5\/5e\/Bodecker_web.jpg\" alt=\"\" \/><\/p>\n<p>Grabplatte Bischof Stephans im Brandenburger Dom St. Peter und Paul. (http:\/\/upload.wikimedia.org\/wikipedia\/commons\/5\/5e\/Bodecker_web.jpg)<\/p>\n<hr \/>\n<p><em>Beziehungen zu anderen Personen<br \/>\n<\/em><\/p>\n<ul>\n<li>Martin V. (Papst) (GND: <a href=\"http:\/\/d-nb.info\/gnd\/118578286\">http:\/\/d-nb.info\/gnd\/118578286<\/a>) (Germania Sacra, <a href=\"http:\/\/personendatenbank.germania-sacra.de\/index\/gsn\/069-01526-001\">http:\/\/personendatenbank.germania-sacra.de\/index\/gsn\/069-01526-001<\/a>)<\/li>\n<\/ul>\n<ul>\n<li>Nikolaus von Cues (Kardinal) (GND:\u00a0<a href=\"http:\/\/d-nb.info\/gnd\/118588095\">http:\/\/d-nb.info\/gnd\/118588095<\/a>)<\/li>\n<\/ul>\n<ul>\n<li>Calixt III. (Papst) (GND): <a href=\"http:\/\/d-nb.info\/gnd\/118518429\">http:\/\/d-nb.info\/gnd\/118518429<\/a>) (Germania Sacra, <a href=\"http:\/\/personendatenbank.germania-sacra.de\/index\/gsn\/063-01013-001\" target=\"_blank\">http:\/\/personendatenbank.germania-sacra.de\/index\/gsn\/063-01013-001<\/a>)<\/li>\n<\/ul>\n<ul>\n<li>Friedrich II. (Kurf\u00fcrst, Brandenburg) (GND: <a href=\"http:\/\/d-nb.info\/gnd\/11853565X\">http:\/\/d-nb.info\/gnd\/11853565X<\/a>) (Germania Sacra, <a href=\"http:\/\/personendatenbank.germania-sacra.de\/index\/gsn\/063-00435-001\" target=\"_blank\">http:\/\/personendatenbank.germania-sacra.de\/index\/gsn\/063-00435-001)<\/a><\/li>\n<\/ul>\n<p>&nbsp;<\/p>\n<p><iframe loading=\"lazy\" src=\"https:\/\/lauritzkawe.cartodb.com\/viz\/51bc75d4-1984-11e5-83c3-0e8dde98a187\/embed_map\" width=\"100%\" height=\"520\" frameborder=\"0\" allowfullscreen=\"allowfullscreen\"><\/iframe><\/p>\n<div class='kindleWidget kindleLight' ><img decoding=\"async\" src=\"https:\/\/gsacra.uni-goettingen.de\/wordpress-4.1-de_DE\/wordpress\/wp-content\/plugins\/send-to-kindle\/media\/white-15.png\" \/><span>Send to Kindle<\/span><\/div>","protected":false},"excerpt":{"rendered":"<p>Heydler, Rich., Materialien zur Geschichte des Bischofs Stephan von Brandenburg (Progr. d. Ritterakademie zu Brandenburg [Brandenburg 1866), dazu Winter in Gesch. Bl. f. St. u. 1. Magd. 1 [1866] 4, 36). Schwarze, Stephan Bodeker, Bischof von Brandenburg, in Allg. deutsch. &hellip; <a href=\"https:\/\/gsacra.uni-goettingen.de\/?page_id=496\">Weiterlesen <span class=\"meta-nav\">&rarr;<\/span><\/a><\/p>\n","protected":false},"author":22,"featured_media":1258,"parent":1730,"menu_order":46,"comment_status":"closed","ping_status":"closed","template":"","meta":{"footnotes":""},"tags":[8,38,196,160,496,208,774,340,702,808,510,700],"class_list":["post-496","page","type-page","status-publish","has-post-thumbnail","hentry","tag-bischof","tag-brandenburg","tag-domherr","tag-dompropst","tag-friedrich-ii-kurfuerst-brandenburg","tag-generalvikar","tag-interaktive-karte","tag-kloster-lehnin","tag-kloster-ploetzky","tag-papst","tag-synode","tag-wappen"],"_links":{"self":[{"href":"https:\/\/gsacra.uni-goettingen.de\/index.php?rest_route=\/wp\/v2\/pages\/496","targetHints":{"allow":["GET"]}}],"collection":[{"href":"https:\/\/gsacra.uni-goettingen.de\/index.php?rest_route=\/wp\/v2\/pages"}],"about":[{"href":"https:\/\/gsacra.uni-goettingen.de\/index.php?rest_route=\/wp\/v2\/types\/page"}],"author":[{"embeddable":true,"href":"https:\/\/gsacra.uni-goettingen.de\/index.php?rest_route=\/wp\/v2\/users\/22"}],"replies":[{"embeddable":true,"href":"https:\/\/gsacra.uni-goettingen.de\/index.php?rest_route=%2Fwp%2Fv2%2Fcomments&post=496"}],"version-history":[{"count":13,"href":"https:\/\/gsacra.uni-goettingen.de\/index.php?rest_route=\/wp\/v2\/pages\/496\/revisions"}],"predecessor-version":[{"id":2068,"href":"https:\/\/gsacra.uni-goettingen.de\/index.php?rest_route=\/wp\/v2\/pages\/496\/revisions\/2068"}],"up":[{"embeddable":true,"href":"https:\/\/gsacra.uni-goettingen.de\/index.php?rest_route=\/wp\/v2\/pages\/1730"}],"wp:featuredmedia":[{"embeddable":true,"href":"https:\/\/gsacra.uni-goettingen.de\/index.php?rest_route=\/wp\/v2\/media\/1258"}],"wp:attachment":[{"href":"https:\/\/gsacra.uni-goettingen.de\/index.php?rest_route=%2Fwp%2Fv2%2Fmedia&parent=496"}],"wp:term":[{"taxonomy":"post_tag","embeddable":true,"href":"https:\/\/gsacra.uni-goettingen.de\/index.php?rest_route=%2Fwp%2Fv2%2Ftags&post=496"}],"curies":[{"name":"wp","href":"https:\/\/api.w.org\/{rel}","templated":true}]}}